{"id":3670,"date":"2023-03-14T08:41:44","date_gmt":"2023-03-14T07:41:44","guid":{"rendered":"https:\/\/2023.jatoprovinciadecaceres.es\/jornada\/?page_id=3670"},"modified":"2023-03-20T20:05:05","modified_gmt":"2023-03-20T19:05:05","slug":"inicio","status":"publish","type":"page","link":"https:\/\/2023.jatoprovinciadecaceres.es\/jornada\/","title":{"rendered":"Inicio"},"content":{"rendered":"\t\t<div data-elementor-type=\"wp-page\" data-elementor-id=\"3670\" class=\"elementor elementor-3670\">\n\t\t\t\t\t\t<section class=\"elementor-section elementor-top-section elementor-element elementor-element-6b55e14 elementor-section-boxed elementor-section-height-default elementor-section-height-default\" data-id=\"6b55e14\" data-element_type=\"section\" data-e-type=\"section\" data-settings=\"{&quot;background_background&quot;:&quot;classic&quot;}\">\n\t\t\t\t\t\t\t<div class=\"elementor-background-overlay\"><\/div>\n\t\t\t\t\t\t\t<div class=\"elementor-container elementor-column-gap-default\">\n\t\t\t\t\t<div class=\"elementor-column elementor-col-50 elementor-top-column elementor-element elementor-element-7efa32e\" data-id=\"7efa32e\" data-element_type=\"column\" data-e-type=\"column\">\n\t\t\t<div class=\"elementor-widget-wrap elementor-element-populated\">\n\t\t\t\t\t\t<div class=\"elementor-element elementor-element-ed8a15c elementor-widget elementor-widget-spacer\" data-id=\"ed8a15c\" data-element_type=\"widget\" data-e-type=\"widget\" data-widget_type=\"spacer.default\">\n\t\t\t\t<div class=\"elementor-widget-container\">\n\t\t\t\t\t\t\t<div class=\"elementor-spacer\">\n\t\t\t<div class=\"elementor-spacer-inner\"><\/div>\n\t\t<\/div>\n\t\t\t\t\t\t<\/div>\n\t\t\t\t<\/div>\n\t\t\t\t<div class=\"elementor-element elementor-element-b49b6a0 elementor-widget elementor-widget-text-editor\" data-id=\"b49b6a0\" data-element_type=\"widget\" data-e-type=\"widget\" data-widget_type=\"text-editor.default\">\n\t\t\t\t<div class=\"elementor-widget-container\">\n\t\t\t\t\t\t\t\t\t<p>Jornadas T\u00e9cnicas de Oportunidades en el Medio\u00a0\u00a0Rural de la Provincia de C\u00e1ceres.<\/p>\t\t\t\t\t\t\t\t<\/div>\n\t\t\t\t<\/div>\n\t\t\t\t<div class=\"elementor-element elementor-element-447dd7d elementor-widget elementor-widget-text-editor\" data-id=\"447dd7d\" data-element_type=\"widget\" data-e-type=\"widget\" data-widget_type=\"text-editor.default\">\n\t\t\t\t<div class=\"elementor-widget-container\">\n\t\t\t\t\t\t\t\t\t<p>24 de marzo de 2023<\/p>\t\t\t\t\t\t\t\t<\/div>\n\t\t\t\t<\/div>\n\t\t\t\t<div class=\"elementor-element elementor-element-9e2f017 elementor-widget elementor-widget-text-editor\" data-id=\"9e2f017\" data-element_type=\"widget\" data-e-type=\"widget\" data-widget_type=\"text-editor.default\">\n\t\t\t\t<div class=\"elementor-widget-container\">\n\t\t\t\t\t\t\t\t\t<p>Plaza Mayor<\/p><p><span style=\"color: #f1a016\">Foro de los Balbos\u00a0<\/span>|\u00a0C\u00e1ceres<\/p>\t\t\t\t\t\t\t\t<\/div>\n\t\t\t\t<\/div>\n\t\t\t\t<div class=\"elementor-element elementor-element-44c37a2 elementor-align-center elementor-widget elementor-widget-button\" data-id=\"44c37a2\" data-element_type=\"widget\" data-e-type=\"widget\" data-widget_type=\"button.default\">\n\t\t\t\t<div class=\"elementor-widget-container\">\n\t\t\t\t\t\t\t\t\t<div class=\"elementor-button-wrapper\">\n\t\t\t\t\t<a class=\"elementor-button elementor-button-link elementor-size-md elementor-animation-grow\" href=\"https:\/\/jornadasjato2023.eventbrite.com\">\n\t\t\t\t\t\t<span class=\"elementor-button-content-wrapper\">\n\t\t\t\t\t\t<span class=\"elementor-button-icon\">\n\t\t\t\t<i aria-hidden=\"true\" class=\"fas fa-hand-point-right\"><\/i>\t\t\t<\/span>\n\t\t\t\t\t\t\t\t\t<span class=\"elementor-button-text\">Inscr\u00edbete<\/span>\n\t\t\t\t\t<\/span>\n\t\t\t\t\t<\/a>\n\t\t\t\t<\/div>\n\t\t\t\t\t\t\t\t<\/div>\n\t\t\t\t<\/div>\n\t\t\t\t\t<\/div>\n\t\t<\/div>\n\t\t\t\t<div class=\"elementor-column elementor-col-50 elementor-top-column elementor-element elementor-element-9815634\" data-id=\"9815634\" data-element_type=\"column\" data-e-type=\"column\">\n\t\t\t<div class=\"elementor-widget-wrap elementor-element-populated\">\n\t\t\t\t\t\t<div class=\"elementor-element elementor-element-953c8c9 elementor-invisible elementor-widget elementor-widget-image\" data-id=\"953c8c9\" data-element_type=\"widget\" data-e-type=\"widget\" data-settings=\"{&quot;_animation&quot;:&quot;fadeInRight&quot;}\" data-widget_type=\"image.default\">\n\t\t\t\t<div class=\"elementor-widget-container\">\n\t\t\t\t\t\t\t\t\t\t\t\t\t\t\t<img fetchpriority=\"high\" decoding=\"async\" width=\"970\" height=\"1024\" src=\"https:\/\/2023.jatoprovinciadecaceres.es\/jornada\/wp-content\/uploads\/sites\/2\/2023\/03\/CARTEL-Fondo-970x1024.png\" class=\"elementor-animation-wobble-horizontal attachment-large size-large wp-image-3859\" alt=\"\" srcset=\"https:\/\/2023.jatoprovinciadecaceres.es\/jornada\/wp-content\/uploads\/sites\/2\/2023\/03\/CARTEL-Fondo-970x1024.png 970w, https:\/\/2023.jatoprovinciadecaceres.es\/jornada\/wp-content\/uploads\/sites\/2\/2023\/03\/CARTEL-Fondo-284x300.png 284w, https:\/\/2023.jatoprovinciadecaceres.es\/jornada\/wp-content\/uploads\/sites\/2\/2023\/03\/CARTEL-Fondo-768x811.png 768w, https:\/\/2023.jatoprovinciadecaceres.es\/jornada\/wp-content\/uploads\/sites\/2\/2023\/03\/CARTEL-Fondo.png 1006w\" sizes=\"(max-width: 970px) 100vw, 970px\" \/>\t\t\t\t\t\t\t\t\t\t\t\t\t\t\t<\/div>\n\t\t\t\t<\/div>\n\t\t\t\t\t<\/div>\n\t\t<\/div>\n\t\t\t\t\t<\/div>\n\t\t<\/section>\n\t\t\t\t<section class=\"elementor-section elementor-top-section elementor-element elementor-element-3d93b29 elementor-section-boxed elementor-section-height-default elementor-section-height-default\" data-id=\"3d93b29\" data-element_type=\"section\" data-e-type=\"section\">\n\t\t\t\t\t\t<div class=\"elementor-container elementor-column-gap-default\">\n\t\t\t\t\t<div class=\"elementor-column elementor-col-100 elementor-top-column elementor-element elementor-element-1983b48\" data-id=\"1983b48\" data-element_type=\"column\" data-e-type=\"column\">\n\t\t\t<div class=\"elementor-widget-wrap elementor-element-populated\">\n\t\t\t\t\t\t<div class=\"elementor-element elementor-element-a2fd718 elementor-widget elementor-widget-spacer\" data-id=\"a2fd718\" data-element_type=\"widget\" data-e-type=\"widget\" data-widget_type=\"spacer.default\">\n\t\t\t\t<div class=\"elementor-widget-container\">\n\t\t\t\t\t\t\t<div class=\"elementor-spacer\">\n\t\t\t<div class=\"elementor-spacer-inner\"><\/div>\n\t\t<\/div>\n\t\t\t\t\t\t<\/div>\n\t\t\t\t<\/div>\n\t\t\t\t\t<\/div>\n\t\t<\/div>\n\t\t\t\t\t<\/div>\n\t\t<\/section>\n\t\t\t\t<section class=\"elementor-section elementor-top-section elementor-element elementor-element-66bd9bc elementor-section-boxed elementor-section-height-default elementor-section-height-default\" data-id=\"66bd9bc\" data-element_type=\"section\" data-e-type=\"section\">\n\t\t\t\t\t\t<div class=\"elementor-container elementor-column-gap-default\">\n\t\t\t\t\t<div class=\"elementor-column elementor-col-50 elementor-top-column elementor-element elementor-element-b61ec91\" data-id=\"b61ec91\" data-element_type=\"column\" data-e-type=\"column\">\n\t\t\t<div class=\"elementor-widget-wrap elementor-element-populated\">\n\t\t\t\t\t\t<div class=\"elementor-element elementor-element-758f83f elementor-widget elementor-widget-spacer\" data-id=\"758f83f\" data-element_type=\"widget\" data-e-type=\"widget\" data-widget_type=\"spacer.default\">\n\t\t\t\t<div class=\"elementor-widget-container\">\n\t\t\t\t\t\t\t<div class=\"elementor-spacer\">\n\t\t\t<div class=\"elementor-spacer-inner\"><\/div>\n\t\t<\/div>\n\t\t\t\t\t\t<\/div>\n\t\t\t\t<\/div>\n\t\t\t\t<div class=\"elementor-element elementor-element-5e84970 elementor-invisible elementor-widget elementor-widget-image\" data-id=\"5e84970\" data-element_type=\"widget\" data-e-type=\"widget\" data-settings=\"{&quot;_animation&quot;:&quot;fadeInLeft&quot;}\" data-widget_type=\"image.default\">\n\t\t\t\t<div class=\"elementor-widget-container\">\n\t\t\t\t\t\t\t\t\t\t\t\t\t\t\t<img decoding=\"async\" width=\"400\" height=\"400\" src=\"https:\/\/2023.jatoprovinciadecaceres.es\/jornada\/wp-content\/uploads\/sites\/2\/2023\/03\/Jato-fondos-jornadas-rojo.png\" class=\"elementor-animation-wobble-horizontal attachment-large size-large wp-image-3873\" alt=\"\" srcset=\"https:\/\/2023.jatoprovinciadecaceres.es\/jornada\/wp-content\/uploads\/sites\/2\/2023\/03\/Jato-fondos-jornadas-rojo.png 400w, https:\/\/2023.jatoprovinciadecaceres.es\/jornada\/wp-content\/uploads\/sites\/2\/2023\/03\/Jato-fondos-jornadas-rojo-300x300.png 300w, https:\/\/2023.jatoprovinciadecaceres.es\/jornada\/wp-content\/uploads\/sites\/2\/2023\/03\/Jato-fondos-jornadas-rojo-150x150.png 150w, https:\/\/2023.jatoprovinciadecaceres.es\/jornada\/wp-content\/uploads\/sites\/2\/2023\/03\/Jato-fondos-jornadas-rojo-350x350.png 350w, https:\/\/2023.jatoprovinciadecaceres.es\/jornada\/wp-content\/uploads\/sites\/2\/2023\/03\/Jato-fondos-jornadas-rojo-85x85.png 85w\" sizes=\"(max-width: 400px) 100vw, 400px\" \/>\t\t\t\t\t\t\t\t\t\t\t\t\t\t\t<\/div>\n\t\t\t\t<\/div>\n\t\t\t\t\t<\/div>\n\t\t<\/div>\n\t\t\t\t<div class=\"elementor-column elementor-col-50 elementor-top-column elementor-element elementor-element-d27dc9d\" data-id=\"d27dc9d\" data-element_type=\"column\" data-e-type=\"column\">\n\t\t\t<div class=\"elementor-widget-wrap elementor-element-populated\">\n\t\t\t\t\t\t<div class=\"elementor-element elementor-element-637bab5 elementor-widget elementor-widget-text-editor\" data-id=\"637bab5\" data-element_type=\"widget\" data-e-type=\"widget\" id=\"jornadas\" data-widget_type=\"text-editor.default\">\n\t\t\t\t<div class=\"elementor-widget-container\">\n\t\t\t\t\t\t\t\t\t<p><span style=\"color: #5cbf17\">Sobre las Jornadas<\/span><\/p>\t\t\t\t\t\t\t\t<\/div>\n\t\t\t\t<\/div>\n\t\t\t\t<div class=\"elementor-element elementor-element-59f9e46 elementor-widget elementor-widget-text-editor\" data-id=\"59f9e46\" data-element_type=\"widget\" data-e-type=\"widget\" data-widget_type=\"text-editor.default\">\n\t\t\t\t<div class=\"elementor-widget-container\">\n\t\t\t\t\t\t\t\t\t<p><span class=\"TextRun SCXW4808609 BCX0\" lang=\"ES-ES\" xml:lang=\"ES-ES\" data-contrast=\"auto\"><span class=\"NormalTextRun SCXW4808609 BCX0\"><strong>Las oportunidades de emprendimiento en el medio rural reflejan un cambio importante de percepci\u00f3n por parte de la sociedad<\/strong>. Gracias al fomento e impulso de las mejoras en los servicios e infraestructuras, a la variedad de recursos econ\u00f3micos y de potenciales oportunidades de negocio, poco a poco se observa mayor demanda de personas dispuestas a irse a trabajar al medio rural y, consecuentemente, se presentan m\u00e1s oportunidades para los emprendedores en los entornos rurales.<\/span><\/span><span class=\"EOP SCXW4808609 BCX0\" data-ccp-props=\"{&quot;201341983&quot;:0,&quot;335551550&quot;:6,&quot;335551620&quot;:6,&quot;335559739&quot;:160,&quot;335559740&quot;:259}\">\u00a0<\/span><\/p><p><span data-contrast=\"auto\"><strong>Es necesario, unificar esfuerzos econ\u00f3micos y comunitarios<\/strong>, tratando de trabajar con las comunidades rurales para que entiendan que tienen responsabilidades<strong>. Ha de ser la poblaci\u00f3n local la que se auto organice, marque las pautas a seguir y sea quien diga hacia d\u00f3nde deben ir dirigidas las medidas que se adopten<\/strong>. Y\u2008para eso hace falta tambi\u00e9n una sociedad civil activa que lo impulse.<\/span><span data-ccp-props=\"{&quot;201341983&quot;:0,&quot;335551550&quot;:6,&quot;335551620&quot;:6,&quot;335559738&quot;:240,&quot;335559739&quot;:160,&quot;335559740&quot;:259}\">\u00a0<\/span><\/p><p><span data-contrast=\"auto\">Estas jornadas t\u00e9cnica est\u00e1 dirigida al personal t\u00e9cnico y\/o pol\u00edtico de cualquier entidad o administraci\u00f3n que trabaja en los entornos rurales de la provincia de C\u00e1ceres, ya sea dentro de los ayuntamientos, incluidos a sus alcaldes y alcaldesas, a gerentes y personal t\u00e9cnico de mancomunidades y grupos de desarrollo, empresarios y empresarias, y cualquier persona interesada en participar en este <strong>espacio de reflexi\u00f3n sobre la nueva realidad y necesidades cambiantes que vive actualmente el medio rural, y aportar soluciones innovadoras para afrontar el reto demogr\u00e1fico<\/strong> de entornos rurales afectados por la despoblaci\u00f3n.<\/span><span data-ccp-props=\"{&quot;201341983&quot;:0,&quot;335551550&quot;:6,&quot;335551620&quot;:6,&quot;335559739&quot;:160,&quot;335559740&quot;:259}\">\u00a0<\/span><\/p>\t\t\t\t\t\t\t\t<\/div>\n\t\t\t\t<\/div>\n\t\t\t\t\t<\/div>\n\t\t<\/div>\n\t\t\t\t\t<\/div>\n\t\t<\/section>\n\t\t\t\t<section class=\"elementor-section elementor-top-section elementor-element elementor-element-fc2bed5 elementor-section-boxed elementor-section-height-default elementor-section-height-default\" data-id=\"fc2bed5\" data-element_type=\"section\" data-e-type=\"section\">\n\t\t\t\t\t\t<div class=\"elementor-container elementor-column-gap-default\">\n\t\t\t\t\t<div class=\"elementor-column elementor-col-100 elementor-top-column elementor-element elementor-element-f302bca\" data-id=\"f302bca\" data-element_type=\"column\" data-e-type=\"column\">\n\t\t\t<div class=\"elementor-widget-wrap elementor-element-populated\">\n\t\t\t\t\t\t<div class=\"elementor-element elementor-element-9cc249c elementor-widget elementor-widget-text-editor\" data-id=\"9cc249c\" data-element_type=\"widget\" data-e-type=\"widget\" id=\"programa\" data-widget_type=\"text-editor.default\">\n\t\t\t\t<div class=\"elementor-widget-container\">\n\t\t\t\t\t\t\t\t\t<p><span style=\"color: #5cbf17\">Programa de las Jornadas<\/span><\/p>\t\t\t\t\t\t\t\t<\/div>\n\t\t\t\t<\/div>\n\t\t\t\t<div class=\"elementor-element elementor-element-f9d0d1c elementor-widget elementor-widget-text-editor\" data-id=\"f9d0d1c\" data-element_type=\"widget\" data-e-type=\"widget\" data-widget_type=\"text-editor.default\">\n\t\t\t\t<div class=\"elementor-widget-container\">\n\t\t\t\t\t\t\t\t\t<p><span class=\"TextRun SCXW4808609 BCX0\" lang=\"ES-ES\" xml:lang=\"ES-ES\" data-contrast=\"auto\"><span class=\"NormalTextRun SCXW4808609 BCX0\">Descarga el programa <\/span><\/span><a href=\"https:\/\/2023.jatoprovinciadecaceres.es\/jornada\/wp-content\/uploads\/sites\/2\/2023\/03\/Jato-Programa-Jornadas-2023.pdf\"><strong style=\"color: #f05d26\">A<\/strong><strong style=\"color: #f05d26\">QU\u00cd.<\/strong><\/a><\/p>\t\t\t\t\t\t\t\t<\/div>\n\t\t\t\t<\/div>\n\t\t\t\t<div class=\"elementor-element elementor-element-2586241 elementor-widget elementor-widget-text-editor\" data-id=\"2586241\" data-element_type=\"widget\" data-e-type=\"widget\" data-widget_type=\"text-editor.default\">\n\t\t\t\t<div class=\"elementor-widget-container\">\n\t\t\t\t\t\t\t\t\t<p class=\"Default\"><strong>Modera y presenta:<\/strong> <span style=\"color: #5cbf17\"><strong>REMEDIOS LUNA ESTELL\u00c9S<\/strong><\/span><\/p><p class=\"Default\">Responsable de Comunicaci\u00f3n de la C\u00e1mara de Comercio de C\u00e1ceres.<\/p>\t\t\t\t\t\t\t\t<\/div>\n\t\t\t\t<\/div>\n\t\t\t\t\t<\/div>\n\t\t<\/div>\n\t\t\t\t\t<\/div>\n\t\t<\/section>\n\t\t\t\t<section class=\"elementor-section elementor-top-section elementor-element elementor-element-79570bd elementor-section-boxed elementor-section-height-default elementor-section-height-default\" data-id=\"79570bd\" data-element_type=\"section\" data-e-type=\"section\">\n\t\t\t\t\t\t<div class=\"elementor-container elementor-column-gap-default\">\n\t\t\t\t\t<div class=\"elementor-column elementor-col-100 elementor-top-column elementor-element elementor-element-acaf6e5\" data-id=\"acaf6e5\" data-element_type=\"column\" data-e-type=\"column\">\n\t\t\t<div class=\"elementor-widget-wrap elementor-element-populated\">\n\t\t\t\t\t\t<div class=\"elementor-element elementor-element-2d16f4e elementor-tabs-view-horizontal elementor-invisible elementor-widget elementor-widget-tabs\" data-id=\"2d16f4e\" data-element_type=\"widget\" data-e-type=\"widget\" data-settings=\"{&quot;_animation&quot;:&quot;zoomIn&quot;}\" data-widget_type=\"tabs.default\">\n\t\t\t\t<div class=\"elementor-widget-container\">\n\t\t\t\t\t\t\t<div class=\"elementor-tabs\">\n\t\t\t<div class=\"elementor-tabs-wrapper\" role=\"tablist\" >\n\t\t\t\t\t\t\t\t\t<div id=\"elementor-tab-title-4721\" class=\"elementor-tab-title elementor-tab-desktop-title\" aria-selected=\"true\" data-tab=\"1\" role=\"tab\" tabindex=\"0\" aria-controls=\"elementor-tab-content-4721\" aria-expanded=\"false\">Mesa I<\/div>\n\t\t\t\t\t\t\t\t\t<div id=\"elementor-tab-title-4722\" class=\"elementor-tab-title elementor-tab-desktop-title\" aria-selected=\"false\" data-tab=\"2\" role=\"tab\" tabindex=\"-1\" aria-controls=\"elementor-tab-content-4722\" aria-expanded=\"false\">Mesa II<\/div>\n\t\t\t\t\t\t\t\t\t<div id=\"elementor-tab-title-4723\" class=\"elementor-tab-title elementor-tab-desktop-title\" aria-selected=\"false\" data-tab=\"3\" role=\"tab\" tabindex=\"-1\" aria-controls=\"elementor-tab-content-4723\" aria-expanded=\"false\">Descanso<\/div>\n\t\t\t\t\t\t\t\t\t<div id=\"elementor-tab-title-4724\" class=\"elementor-tab-title elementor-tab-desktop-title\" aria-selected=\"false\" data-tab=\"4\" role=\"tab\" tabindex=\"-1\" aria-controls=\"elementor-tab-content-4724\" aria-expanded=\"false\">Mesa III<\/div>\n\t\t\t\t\t\t\t\t\t<div id=\"elementor-tab-title-4725\" class=\"elementor-tab-title elementor-tab-desktop-title\" aria-selected=\"false\" data-tab=\"5\" role=\"tab\" tabindex=\"-1\" aria-controls=\"elementor-tab-content-4725\" aria-expanded=\"false\">Mesa IV<\/div>\n\t\t\t\t\t\t\t\t\t<div id=\"elementor-tab-title-4726\" class=\"elementor-tab-title elementor-tab-desktop-title\" aria-selected=\"false\" data-tab=\"6\" role=\"tab\" tabindex=\"-1\" aria-controls=\"elementor-tab-content-4726\" aria-expanded=\"false\">Mesa V<\/div>\n\t\t\t\t\t\t\t<\/div>\n\t\t\t<div class=\"elementor-tabs-content-wrapper\" role=\"tablist\" aria-orientation=\"vertical\">\n\t\t\t\t\t\t\t\t\t<div class=\"elementor-tab-title elementor-tab-mobile-title\" aria-selected=\"true\" data-tab=\"1\" role=\"tab\" tabindex=\"0\" aria-controls=\"elementor-tab-content-4721\" aria-expanded=\"false\">Mesa I<\/div>\n\t\t\t\t\t<div id=\"elementor-tab-content-4721\" class=\"elementor-tab-content elementor-clearfix\" data-tab=\"1\" role=\"tabpanel\" aria-labelledby=\"elementor-tab-title-4721\" tabindex=\"0\" hidden=\"false\"><p><strong><span class=\"TextRun SCXW218003781 BCX0\" lang=\"ES-ES\" xml:lang=\"ES-ES\" data-contrast=\"auto\"><span class=\"NormalTextRun SCXW218003781 BCX0\">09:15-10:15 h<\/span><\/span><\/strong><\/p><p><span style=\"color: #000000\"><strong><span class=\"TextRun SCXW218003781 BCX0\" lang=\"ES-ES\" xml:lang=\"ES-ES\" data-contrast=\"auto\"><span class=\"NormalTextRun SCXW218003781 BCX0\">\u00abRetos y oportunidades para el desarrollo rural en la provincia de C\u00e1ceres\u00bb<\/span><\/span><\/strong><\/span><\/p><p><span class=\"TextRun SCXW15937667 BCX0\" lang=\"ES-ES\" xml:lang=\"ES-ES\" data-contrast=\"auto\"><span class=\"NormalTextRun SCXW15937667 BCX0\">El relevo generacional, el reconocimiento de la mujer, la modernizaci\u00f3n y la adaptaci\u00f3n digital del entorno rural son elementos clave para el impulso y la diversificaci\u00f3n econ\u00f3mica. Junto a estas acciones otras como ayudas fiscales, en un marco legislativo diferenciado que favorezca una discriminaci\u00f3n positiva generando un espacio de equidad, la adaptaci\u00f3n legislativa y la simplificaci\u00f3n de administrativa, todos ellos <\/span><span class=\"NormalTextRun SCXW15937667 BCX0\">ser\u00e1n factores que fomentar\u00e1n<\/span><span class=\"NormalTextRun SCXW15937667 BCX0\"> el dinamismo econ\u00f3mico para impulsar la iniciativa privada empresarial y la generaci\u00f3n de empleo de calidad, permitiendo el desarrollo del tejido productivo<\/span><span class=\"NormalTextRun SCXW15937667 BCX0\">.\u00a0<\/span><\/span><span class=\"EOP SCXW15937667 BCX0\" data-ccp-props=\"{\">\u00a0<\/span><\/p><ul><li><p><span data-contrast=\"auto\"><span style=\"color: #f05d26\"><strong>Bego\u00f1a Garc\u00eda Bernal<\/strong><\/span> &#8211; <strong>Consejera de Agricultura, Desarrollo Rural, Poblaci\u00f3n y Territorio, de la Junta de Extremadura.<\/strong><\/span><\/p><\/li><li><span data-contrast=\"auto\"><span style=\"color: #f05d26\"><strong>\u00c1lvaro S\u00e1nchez Cotrina<\/strong> <\/span>&#8211; <strong>Diputado \u00c1rea de\u00a0 Reto Demogr\u00e1fico, Desarrollo Sostenible, Juventud y Turismo de la Diputaci\u00f3n de C\u00e1ceres.<\/strong><\/span><strong>\u00a0<\/strong><\/li><li><span data-contrast=\"auto\"><span style=\"color: #f05d26\"><strong>Julia Guti\u00e9rrez Mateos<\/strong><\/span> &#8211; <strong>Presidenta de la Red Extreme\u00f1a de Desarrollo Rural (REDEX).<\/strong><\/span><strong>\u00a0<\/strong><\/li><li><span data-contrast=\"auto\"><span style=\"color: #f05d26\"><strong><span class=\"ui-provider wc b c d e f g h i j k l m n o p q r s t u v w x y z ab ac ae af ag ah ai aj ak\" dir=\"ltr\">Cristina Rodr\u00edguez Montero<\/span><\/strong><\/span><strong><span class=\"ui-provider wc b c d e f g h i j k l m n o p q r s t u v w x y z ab ac ae af ag ah ai aj ak\" dir=\"ltr\"> &#8211; Vicepresidenta Segunda de la Federaci\u00f3n Extreme\u00f1a de Municipios y Provincias (FEMPEX)\u00a0 y alcaldesa de Gata.<\/span><\/strong><\/span><\/li><\/ul><\/div>\n\t\t\t\t\t\t\t\t\t<div class=\"elementor-tab-title elementor-tab-mobile-title\" aria-selected=\"false\" data-tab=\"2\" role=\"tab\" tabindex=\"-1\" aria-controls=\"elementor-tab-content-4722\" aria-expanded=\"false\">Mesa II<\/div>\n\t\t\t\t\t<div id=\"elementor-tab-content-4722\" class=\"elementor-tab-content elementor-clearfix\" data-tab=\"2\" role=\"tabpanel\" aria-labelledby=\"elementor-tab-title-4722\" tabindex=\"0\" hidden=\"hidden\"><p><strong><span class=\"TextRun SCXW54132136 BCX0\" lang=\"ES-ES\" xml:lang=\"ES-ES\" data-contrast=\"auto\"><span class=\"NormalTextRun SCXW54132136 BCX0\">10:15-11:00 h<\/span><\/span><\/strong><\/p><p><strong><span class=\"EOP SCXW54132136 BCX0\" data-ccp-props=\"{&quot;201341983&quot;:0,&quot;335559739&quot;:160,&quot;335559740&quot;:259}\">\u00a0<\/span><span class=\"NormalTextRun SCXW155633472 BCX0\"> \u00abInnovar en el medio rural\u00bb<\/span><\/strong><\/p><p><span data-contrast=\"auto\">En esta mesa de debate se busca trasladar c\u00f3mo las instituciones y empresas extreme\u00f1as trabajan por el fomento de la competitividad y la sostenibilidad de los sectores productivos y de servicios con mayor potencial de crecimiento, creando red entre los distintos actores vinculados con la innovaci\u00f3n (asesores, investigadores, empresas, Entidades P\u00fablicas, etc.) y acercando la investigaci\u00f3n y la pr\u00e1ctica al medio rural.<\/span><span data-ccp-props=\"{&quot;201341983&quot;:0,&quot;335551550&quot;:6,&quot;335551620&quot;:6,&quot;335559739&quot;:160,&quot;335559740&quot;:259}\">\u00a0<\/span><\/p><ul><li><span data-contrast=\"auto\"><span style=\"color: #f05d26\"><strong>Jos\u00e9 Luis Llerena Ru\u00edz<\/strong><\/span> &#8211; <strong>Director de CTAEX. Centro Tecnol\u00f3gico Nacional Agroalimentario \u00abExtremadura\u00bb.<\/strong><\/span><\/li><li><strong><span style=\"color: #f05d26\">Carmen Gonz\u00e1lez Ramos <\/span>&#8211; Directora del Centro de Investigaciones Cient\u00edficas y Tecnol\u00f3gicas de Extremadura (CICYTEX).<\/strong><\/li><li><strong><span style=\"color: #f05d26\">Gabriel Bl\u00e1zquez <\/span><span style=\"color: #f05d26\">Guerra <\/span>&#8211; \u202fResponsable del Centro Tecnol\u00f3gico de FEVAL y del proyecto CDTIC -Centro Demostrador TIC, FEVAL Don Benito.<\/strong><\/li><\/ul><\/div>\n\t\t\t\t\t\t\t\t\t<div class=\"elementor-tab-title elementor-tab-mobile-title\" aria-selected=\"false\" data-tab=\"3\" role=\"tab\" tabindex=\"-1\" aria-controls=\"elementor-tab-content-4723\" aria-expanded=\"false\">Descanso<\/div>\n\t\t\t\t\t<div id=\"elementor-tab-content-4723\" class=\"elementor-tab-content elementor-clearfix\" data-tab=\"3\" role=\"tabpanel\" aria-labelledby=\"elementor-tab-title-4723\" tabindex=\"0\" hidden=\"hidden\"><p><strong>11:00 -11:30\u00a0 <\/strong>PAUSA &#8211; CAF\u00c9<\/p><\/div>\n\t\t\t\t\t\t\t\t\t<div class=\"elementor-tab-title elementor-tab-mobile-title\" aria-selected=\"false\" data-tab=\"4\" role=\"tab\" tabindex=\"-1\" aria-controls=\"elementor-tab-content-4724\" aria-expanded=\"false\">Mesa III<\/div>\n\t\t\t\t\t<div id=\"elementor-tab-content-4724\" class=\"elementor-tab-content elementor-clearfix\" data-tab=\"4\" role=\"tabpanel\" aria-labelledby=\"elementor-tab-title-4724\" tabindex=\"0\" hidden=\"hidden\"><p><strong>11:30-12:15 h<\/strong><\/p><p><b><span data-contrast=\"auto\">\u00abCasos de \u00e9xito en I+D+I como palanca de desarrollo rural\u00bb.<\/span><\/b><span data-ccp-props=\"{&quot;201341983&quot;:0,&quot;335559739&quot;:160,&quot;335559740&quot;:259}\">\u00a0<\/span><\/p><p>Esta mesa nos permitir\u00e1 conocer casos exitosos de aplicaci\u00f3n de la innovaci\u00f3n, desarrollo e investigaci\u00f3n en diferentes sectores como la agricultura, ganader\u00eda o biotecnolog\u00eda.\u00a0\u00a0<\/p><ul><li><span data-contrast=\"none\"><span style=\"color: #f05d26\"><strong>Miguel \u00c1ngel Morales Pi\u00f1ero<\/strong><\/span> &#8211;<\/span><span data-contrast=\"auto\"><strong> Ventum Innovaci\u00f3n.<\/strong> Desarrolla soluciones tecnol\u00f3gicas y de conectividad para la gesti\u00f3n y control de explotaciones en tiempo real.\u00a0\u00a0<\/span><\/li><li><span data-contrast=\"auto\"><span style=\"color: #f05d26\"><strong>Francisco Alca\u00edn <\/strong><\/span><strong>&#8211; Director de f\u00e1brica de Natac Biotech, SA<\/strong>. Grupo empresarial de biotecnolog\u00eda dedicado a investigar, desarrollar, fabricar y comercializar ingredientes naturales para su uso en complementos alimentos funcionales e ingredientes farmac\u00e9uticos naturales, principalmente extractos de plantas.<\/span><\/li><li><span data-contrast=\"auto\"><span style=\"color: #f05d26\"><strong>Gabriel Rivera Pulido <\/strong><\/span>&#8211; <strong>Gerente de Campanas Rivera<\/strong>, fabricante de campanas y relojes monumentales.<\/span><span data-ccp-props=\"{&quot;201341983&quot;:0,&quot;335559739&quot;:160,&quot;335559740&quot;:259}\">\u00a0<\/span><\/li><\/ul><\/div>\n\t\t\t\t\t\t\t\t\t<div class=\"elementor-tab-title elementor-tab-mobile-title\" aria-selected=\"false\" data-tab=\"5\" role=\"tab\" tabindex=\"-1\" aria-controls=\"elementor-tab-content-4725\" aria-expanded=\"false\">Mesa IV<\/div>\n\t\t\t\t\t<div id=\"elementor-tab-content-4725\" class=\"elementor-tab-content elementor-clearfix\" data-tab=\"5\" role=\"tabpanel\" aria-labelledby=\"elementor-tab-title-4725\" tabindex=\"0\" hidden=\"hidden\"><p><strong>12:15-13:00 h<\/strong><\/p><p><b><span data-contrast=\"auto\">\u00abSobre <\/span><\/b><b><span data-contrast=\"auto\">oficios en retroceso<\/span><\/b><b><span data-contrast=\"auto\"> y que contribuyan a la renovaci\u00f3n generacional, as\u00ed como al asentamiento de la poblaci\u00f3n en el rural y la atracci\u00f3n de nuevos pobladores\u00bb.<\/span><\/b><span data-ccp-props=\"{&quot;201341983&quot;:0,&quot;335559739&quot;:160,&quot;335559740&quot;:259}\">\u00a0<\/span><\/p><p><span data-contrast=\"auto\">Los oficios tradicionales, muy vinculados todos ellos a la artesan\u00eda siempre han sido muy heterog\u00e9neos, plurales y diversos, pero sus principales caracter\u00edsticas han sido su genuinidad. Es y ha sido siempre un importante motor econ\u00f3mico y un nicho para la generaci\u00f3n de empleo. No obstante, en los \u00faltimos a\u00f1os, el sector se ha visto seriamente amenazado por la falta de relevo generacional, la p\u00e9rdida de oficios y saberes tradicionales, y la falta de adaptaci\u00f3n a un mercado cada vez m\u00e1s globalizado y digital. En un entorno muy competitivo, caracterizado por transformaciones constantes y tecnolog\u00edas en continua evoluci\u00f3n, los oficios tradicionales necesitan reinventarse a trav\u00e9s del pensamiento creativo, la generaci\u00f3n de nuevas estrategias de producto, la incorporaci\u00f3n de las TIC y el redise\u00f1o de su modelo de negocio, para sobrevivir y continuar siendo fuente de desarrollo social y econ\u00f3mico para el territorio.<\/span><span data-ccp-props=\"{&quot;201341983&quot;:0,&quot;335551550&quot;:6,&quot;335551620&quot;:6,&quot;335559739&quot;:160,&quot;335559740&quot;:259}\">\u00a0<\/span><span data-ccp-props=\"{&quot;201341983&quot;:0,&quot;335559739&quot;:160,&quot;335559740&quot;:259}\">\u00a0<\/span><\/p><ul><li><strong><span style=\"color: #f05d26\">Catalina Pizarro Villar<\/span> &#8211; Responsable de Administraci\u00f3n, Proyectos y M\u00e1rketing Abona Global, SL. <\/strong>Empresa que apuesta por el manejo hol\u00edstico en la agricultura, partiendo del m\u00e1ximo respeto y calidad del suelo de cultivo, garantizando la riqueza de pastos, cultivos, animales y alimentos.<\/li><li><span data-contrast=\"none\"><span style=\"color: #f05d26\"><strong>\u00c1ngel A. Melo<\/strong><\/span> &#8211; <strong>Espartero de Plata.<\/strong> Trabaja la fibra natural para crear piezas art\u00edsticas.<\/span><\/li><li><span data-contrast=\"none\"><span style=\"color: #f05d26\"><strong>Lucas Rodr\u00edguez Marcos<\/strong><\/span> &#8211; <strong>Cofundador de la Asociaci\u00f3n Cultural El Cinorrio. <\/strong>Asociaci\u00f3n que busca generar espacios de encuentro y reflexi\u00f3n para compartir inquietudes.<\/span><\/li><\/ul><\/div>\n\t\t\t\t\t\t\t\t\t<div class=\"elementor-tab-title elementor-tab-mobile-title\" aria-selected=\"false\" data-tab=\"6\" role=\"tab\" tabindex=\"-1\" aria-controls=\"elementor-tab-content-4726\" aria-expanded=\"false\">Mesa V<\/div>\n\t\t\t\t\t<div id=\"elementor-tab-content-4726\" class=\"elementor-tab-content elementor-clearfix\" data-tab=\"6\" role=\"tabpanel\" aria-labelledby=\"elementor-tab-title-4726\" tabindex=\"0\" hidden=\"hidden\"><p><b><span data-contrast=\"none\">13:00-13:45<\/span><\/b><strong> h<\/strong><\/p><p><b><span data-contrast=\"auto\">\u00abActividades vinculadas a la cultura creativa y a la industria cultural\u00bb<\/span><\/b><span data-ccp-props=\"{&quot;201341983&quot;:0,&quot;335559739&quot;:160,&quot;335559740&quot;:259}\">.<\/span><\/p><p><span data-contrast=\"auto\">El auge de la Industria Creativa est\u00e1 provocando el renacimiento de la alta artesan\u00eda y de las actividades semi-industriales con un alto potencial de generaci\u00f3n de empleo. En esta mesa se pretende presentar actividades empresariales vinculadas a la industria cultural que han incorporado procesos de innovaci\u00f3n tanto en los conocimientos y habilidades del artesano como en sus propias \u00e1reas de negocio para hacer frente a los nuevos retos del sector.\u00a0<\/span><span data-ccp-props=\"{&quot;201341983&quot;:0,&quot;335551550&quot;:6,&quot;335551620&quot;:6,&quot;335559739&quot;:160,&quot;335559740&quot;:259}\">\u00a0<\/span><span data-ccp-props=\"{&quot;201341983&quot;:0,&quot;335559739&quot;:160,&quot;335559740&quot;:259}\">\u00a0<\/span><\/p><ul><li><strong><span style=\"color: #f05d26\">Alberto Gonz\u00e1lez Bod\u00f3n<\/span> &#8211; Director Ejecutivo de Prigonzex, S.L<\/strong>. Talleres Ardila, taller textil ofrece servicios de dise\u00f1o textil, corte, prototipado y confecci\u00f3n.<\/li><li><span data-contrast=\"auto\"><span style=\"color: #f05d26\"><strong>Mar\u00eda Pedrera Hinojal<\/strong>\u00a0<\/span><strong>&#8211;<\/strong> <strong>Atypical Ethical.<\/strong> Marca sostenible, 100% circular, sin g\u00e9nero y con dos tallas en una sola prenda.<\/span><\/li><li><strong><span style=\"color: #f05d26\">Arturo Alvarado Polo<\/span><\/strong> <strong>&#8211; CEO de C\u00e1ceres Tev\u00e9<\/strong>. Plataforma de Streaming con contenido audiovisual de la ciudad de C\u00e1ceres y Provincia.<\/li><\/ul><\/div>\n\t\t\t\t\t\t\t<\/div>\n\t\t<\/div>\n\t\t\t\t\t\t<\/div>\n\t\t\t\t<\/div>\n\t\t\t\t\t<\/div>\n\t\t<\/div>\n\t\t\t\t\t<\/div>\n\t\t<\/section>\n\t\t\t\t<section class=\"elementor-section elementor-top-section elementor-element elementor-element-0b31280 elementor-section-boxed elementor-section-height-default elementor-section-height-default\" data-id=\"0b31280\" data-element_type=\"section\" data-e-type=\"section\">\n\t\t\t\t\t\t<div class=\"elementor-container elementor-column-gap-default\">\n\t\t\t\t\t<div class=\"elementor-column elementor-col-100 elementor-top-column elementor-element elementor-element-cd6c12d\" data-id=\"cd6c12d\" data-element_type=\"column\" data-e-type=\"column\">\n\t\t\t<div class=\"elementor-widget-wrap elementor-element-populated\">\n\t\t\t\t\t\t<div class=\"elementor-element elementor-element-c948751 elementor-widget elementor-widget-text-editor\" data-id=\"c948751\" data-element_type=\"widget\" data-e-type=\"widget\" data-widget_type=\"text-editor.default\">\n\t\t\t\t<div class=\"elementor-widget-container\">\n\t\t\t\t\t\t\t\t\t<p><b><span data-contrast=\"auto\">13:45-14:00\u00a0 \u00a0 CLAUSURA<\/span><\/b><span data-ccp-props=\"{\">\u00a0<\/span><\/p>\t\t\t\t\t\t\t\t<\/div>\n\t\t\t\t<\/div>\n\t\t\t\t\t<\/div>\n\t\t<\/div>\n\t\t\t\t\t<\/div>\n\t\t<\/section>\n\t\t\t\t<section class=\"elementor-section elementor-top-section elementor-element elementor-element-9c1cf00 elementor-section-boxed elementor-section-height-default elementor-section-height-default\" data-id=\"9c1cf00\" data-element_type=\"section\" data-e-type=\"section\">\n\t\t\t\t\t\t<div class=\"elementor-container elementor-column-gap-default\">\n\t\t\t\t\t<div class=\"elementor-column elementor-col-50 elementor-top-column elementor-element elementor-element-d0cfa02\" data-id=\"d0cfa02\" data-element_type=\"column\" data-e-type=\"column\">\n\t\t\t<div class=\"elementor-widget-wrap elementor-element-populated\">\n\t\t\t\t\t\t<div class=\"elementor-element elementor-element-d1751f7 elementor-widget elementor-widget-spacer\" data-id=\"d1751f7\" data-element_type=\"widget\" data-e-type=\"widget\" data-widget_type=\"spacer.default\">\n\t\t\t\t<div class=\"elementor-widget-container\">\n\t\t\t\t\t\t\t<div class=\"elementor-spacer\">\n\t\t\t<div class=\"elementor-spacer-inner\"><\/div>\n\t\t<\/div>\n\t\t\t\t\t\t<\/div>\n\t\t\t\t<\/div>\n\t\t\t\t<div class=\"elementor-element elementor-element-22eec16 elementor-widget elementor-widget-text-editor\" data-id=\"22eec16\" data-element_type=\"widget\" data-e-type=\"widget\" id=\"localizacion\" data-widget_type=\"text-editor.default\">\n\t\t\t\t<div class=\"elementor-widget-container\">\n\t\t\t\t\t\t\t\t\t<p><span style=\"color: #5cbf17\">Localizaci\u00f3n<\/span><\/p>\t\t\t\t\t\t\t\t<\/div>\n\t\t\t\t<\/div>\n\t\t\t\t<div class=\"elementor-element elementor-element-b1e9ac5 elementor-widget elementor-widget-text-editor\" data-id=\"b1e9ac5\" data-element_type=\"widget\" data-e-type=\"widget\" data-widget_type=\"text-editor.default\">\n\t\t\t\t<div class=\"elementor-widget-container\">\n\t\t\t\t\t\t\t\t\t<p>Foro de los Balbos<\/p><p>Plaza Mayor<\/p><p>10003 C\u00e1ceres<\/p>\t\t\t\t\t\t\t\t<\/div>\n\t\t\t\t<\/div>\n\t\t\t\t<div class=\"elementor-element elementor-element-cbbd670 elementor-widget elementor-widget-text-editor\" data-id=\"cbbd670\" data-element_type=\"widget\" data-e-type=\"widget\" data-widget_type=\"text-editor.default\">\n\t\t\t\t<div class=\"elementor-widget-container\">\n\t\t\t\t\t\t\t\t\t<p style=\"text-align: center\">Inscripci\u00f3n previa para acceder a las jornadas.<\/p>\t\t\t\t\t\t\t\t<\/div>\n\t\t\t\t<\/div>\n\t\t\t\t<div class=\"elementor-element elementor-element-bcf54ba elementor-align-center elementor-widget elementor-widget-button\" data-id=\"bcf54ba\" data-element_type=\"widget\" data-e-type=\"widget\" data-widget_type=\"button.default\">\n\t\t\t\t<div class=\"elementor-widget-container\">\n\t\t\t\t\t\t\t\t\t<div class=\"elementor-button-wrapper\">\n\t\t\t\t\t<a class=\"elementor-button elementor-button-link elementor-size-md elementor-animation-grow\" href=\"https:\/\/jornadasjato2023.eventbrite.com\">\n\t\t\t\t\t\t<span class=\"elementor-button-content-wrapper\">\n\t\t\t\t\t\t<span class=\"elementor-button-icon\">\n\t\t\t\t<i aria-hidden=\"true\" class=\"fas fa-hand-point-right\"><\/i>\t\t\t<\/span>\n\t\t\t\t\t\t\t\t\t<span class=\"elementor-button-text\">Inscr\u00edbete<\/span>\n\t\t\t\t\t<\/span>\n\t\t\t\t\t<\/a>\n\t\t\t\t<\/div>\n\t\t\t\t\t\t\t\t<\/div>\n\t\t\t\t<\/div>\n\t\t\t\t\t<\/div>\n\t\t<\/div>\n\t\t\t\t<div class=\"elementor-column elementor-col-50 elementor-top-column elementor-element elementor-element-055a3b8\" data-id=\"055a3b8\" data-element_type=\"column\" data-e-type=\"column\">\n\t\t\t<div class=\"elementor-widget-wrap elementor-element-populated\">\n\t\t\t\t\t\t<div class=\"elementor-element elementor-element-9e86c88 elementor-widget elementor-widget-google_maps\" data-id=\"9e86c88\" data-element_type=\"widget\" data-e-type=\"widget\" data-widget_type=\"google_maps.default\">\n\t\t\t\t<div class=\"elementor-widget-container\">\n\t\t\t\t\t\t\t<div class=\"elementor-custom-embed\">\n\t\t\t<iframe loading=\"lazy\"\n\t\t\t\t\tsrc=\"https:\/\/maps.google.com\/maps?q=Foro%20de%20los%20Balbos%2C%2010003%20C%C3%A1ceres&#038;t=m&#038;z=14&#038;output=embed&#038;iwloc=near\"\n\t\t\t\t\ttitle=\"Foro de los Balbos, 10003 C\u00e1ceres\"\n\t\t\t\t\taria-label=\"Foro de los Balbos, 10003 C\u00e1ceres\"\n\t\t\t><\/iframe>\n\t\t<\/div>\n\t\t\t\t\t\t<\/div>\n\t\t\t\t<\/div>\n\t\t\t\t<div class=\"elementor-element elementor-element-7713831 elementor-widget elementor-widget-image\" data-id=\"7713831\" data-element_type=\"widget\" data-e-type=\"widget\" data-widget_type=\"image.default\">\n\t\t\t\t<div class=\"elementor-widget-container\">\n\t\t\t\t\t\t\t\t\t\t\t\t\t\t\t<img decoding=\"async\" width=\"1024\" height=\"333\" src=\"https:\/\/2023.jatoprovinciadecaceres.es\/jornada\/wp-content\/uploads\/sites\/2\/2023\/03\/Foro-Balbos-1024x333.png\" class=\"attachment-large size-large wp-image-3994\" alt=\"\" srcset=\"https:\/\/2023.jatoprovinciadecaceres.es\/jornada\/wp-content\/uploads\/sites\/2\/2023\/03\/Foro-Balbos-1024x333.png 1024w, https:\/\/2023.jatoprovinciadecaceres.es\/jornada\/wp-content\/uploads\/sites\/2\/2023\/03\/Foro-Balbos-300x98.png 300w, https:\/\/2023.jatoprovinciadecaceres.es\/jornada\/wp-content\/uploads\/sites\/2\/2023\/03\/Foro-Balbos-768x250.png 768w, https:\/\/2023.jatoprovinciadecaceres.es\/jornada\/wp-content\/uploads\/sites\/2\/2023\/03\/Foro-Balbos-1536x499.png 1536w, https:\/\/2023.jatoprovinciadecaceres.es\/jornada\/wp-content\/uploads\/sites\/2\/2023\/03\/Foro-Balbos-2048x666.png 2048w\" sizes=\"(max-width: 1024px) 100vw, 1024px\" \/>\t\t\t\t\t\t\t\t\t\t\t\t\t\t\t<\/div>\n\t\t\t\t<\/div>\n\t\t\t\t\t<\/div>\n\t\t<\/div>\n\t\t\t\t\t<\/div>\n\t\t<\/section>\n\t\t\t\t<\/div>\n\t\t","protected":false},"excerpt":{"rendered":"<p>\/*! elementor &#8211; v3.6.5 &#8211; 27-04-2022 *\/ .e-container.e-container&#8211;row .elementor-spacer-inner{width:var(&#8211;spacer-size)}.e-container.e-container&#8211;column .elementor-spacer-inner,.elementor-column .elementor-spacer-inner{height:var(&#8211;spacer-size)} Jornadas T\u00e9cnicas de Oportunidades en el Medio\u00a0\u00a0Rural de la Provincia de C\u00e1ceres. 24 de marzo de 2023 Plaza Mayor Foro de los Balbos\u00a0|\u00a0C\u00e1ceres Inscr\u00edbete \/*! elementor &#8211; v3.6.5 &#8211;&#8230;<\/p>\n","protected":false},"author":12,"featured_media":0,"parent":0,"menu_order":0,"comment_status":"closed","ping_status":"closed","template":"elementor_header_footer","meta":{"_monsterinsights_skip_tracking":false,"_monsterinsights_sitenote_active":false,"_monsterinsights_sitenote_note":"","_monsterinsights_sitenote_category":0,"footnotes":""},"class_list":["post-3670","page","type-page","status-publish","hentry"],"_links":{"self":[{"href":"https:\/\/2023.jatoprovinciadecaceres.es\/jornada\/wp-json\/wp\/v2\/pages\/3670","targetHints":{"allow":["GET"]}}],"collection":[{"href":"https:\/\/2023.jatoprovinciadecaceres.es\/jornada\/wp-json\/wp\/v2\/pages"}],"about":[{"href":"https:\/\/2023.jatoprovinciadecaceres.es\/jornada\/wp-json\/wp\/v2\/types\/page"}],"author":[{"embeddable":true,"href":"https:\/\/2023.jatoprovinciadecaceres.es\/jornada\/wp-json\/wp\/v2\/users\/12"}],"replies":[{"embeddable":true,"href":"https:\/\/2023.jatoprovinciadecaceres.es\/jornada\/wp-json\/wp\/v2\/comments?post=3670"}],"version-history":[{"count":312,"href":"https:\/\/2023.jatoprovinciadecaceres.es\/jornada\/wp-json\/wp\/v2\/pages\/3670\/revisions"}],"predecessor-version":[{"id":4163,"href":"https:\/\/2023.jatoprovinciadecaceres.es\/jornada\/wp-json\/wp\/v2\/pages\/3670\/revisions\/4163"}],"wp:attachment":[{"href":"https:\/\/2023.jatoprovinciadecaceres.es\/jornada\/wp-json\/wp\/v2\/media?parent=3670"}],"curies":[{"name":"wp","href":"https:\/\/api.w.org\/{rel}","templated":true}]}}